{"id":319,"date":"2023-03-14T14:28:00","date_gmt":"2023-03-14T14:28:00","guid":{"rendered":"https:\/\/cozystay.loftocean.com\/island-resort\/?page_id=319"},"modified":"2025-09-02T16:43:30","modified_gmt":"2025-09-02T16:43:30","slug":"explorar","status":"publish","type":"page","link":"https:\/\/hotellarverde.pt\/en\/explorar\/","title":{"rendered":"EXPLORE"},"content":{"rendered":"<div data-elementor-type=\"wp-page\" data-elementor-id=\"319\" class=\"elementor elementor-319\">\n\t\t\t\t\t\t<section class=\"elementor-section elementor-top-section elementor-element elementor-element-88c3937 elementor-section-height-min-height cs-section-content-fullwidth cs-parallax-on-scroll cs_scroll_y_100 elementor-section-boxed elementor-section-height-default elementor-section-items-middle\" data-id=\"88c3937\" data-element_type=\"section\" data-settings=\"{&quot;background_background&quot;:&quot;classic&quot;}\" data-cs-parallax-y=\"100\" style=\"background-image: none;\" data-cs-background-image=\"https:\/\/hotellarverde.pt\/wp-content\/uploads\/2025\/07\/banner-explorar.jpg\" data-cs-background-image-alt-text=\"\">\n\t\t\t\t\t\t\t<div class=\"elementor-background-overlay\"><\/div>\n\t\t\t\t\t\t\t<div class=\"elementor-container elementor-column-gap-no\">\n\t\t\t\t\t<div class=\"elementor-column elementor-col-100 elementor-top-column elementor-element elementor-element-140c3f8 dark-color\" data-id=\"140c3f8\" data-element_type=\"column\">\n\t\t\t<div class=\"elementor-widget-wrap elementor-element-populated\">\n\t\t\t\t\t\t<div class=\"elementor-element elementor-element-73543ac elementor-widget elementor-widget-cs_title\" data-id=\"73543ac\" data-element_type=\"widget\" data-widget_type=\"cs_title.default\">\n\t\t\t\t<div class=\"elementor-widget-container\">\n\t\t\t\t\t\n        <div class=\"cs-title-wrap text-center\">\t            <div class=\"cs-subtitle-wrap\"><span class=\"cs-subtitle color-white\">Experience the best of the region<\/span><\/div>\t            <h5 class=\"cs-title\">\n\t                EXPLORE SERT\u00c3\t            <\/h5>        <\/div>\t\t\t\t<\/div>\n\t\t\t\t<\/div>\n\t\t\t\t\t<\/div>\n\t\t<\/div>\n\t\t\t\t\t<\/div>\n\t\t<\/section>\n\t\t\t\t<section class=\"elementor-section elementor-top-section elementor-element elementor-element-21fd1d7 elementor-section-boxed elementor-section-height-default elementor-section-height-default\" data-id=\"21fd1d7\" data-element_type=\"section\">\n\t\t\t\t\t\t<div class=\"elementor-container elementor-column-gap-default\">\n\t\t\t\t\t<div class=\"elementor-column elementor-col-100 elementor-top-column elementor-element elementor-element-2736919\" data-id=\"2736919\" data-element_type=\"column\">\n\t\t\t<div class=\"elementor-widget-wrap elementor-element-populated\">\n\t\t\t\t\t\t<div class=\"elementor-element elementor-element-1fb8af6 elementor-widget elementor-widget-spacer\" data-id=\"1fb8af6\" data-element_type=\"widget\" data-widget_type=\"spacer.default\">\n\t\t\t\t<div class=\"elementor-widget-container\">\n\t\t\t\t\t\t\t<div class=\"elementor-spacer\">\n\t\t\t<div class=\"elementor-spacer-inner\"><\/div>\n\t\t<\/div>\n\t\t\t\t\t\t<\/div>\n\t\t\t\t<\/div>\n\t\t\t\t<div class=\"elementor-element elementor-element-d53e3ef elementor-view-default elementor-widget elementor-widget-icon\" data-id=\"d53e3ef\" data-element_type=\"widget\" data-widget_type=\"icon.default\">\n\t\t\t\t<div class=\"elementor-widget-container\">\n\t\t\t\t\t\t\t<div class=\"elementor-icon-wrapper\">\n\t\t\t<div class=\"elementor-icon\">\n\t\t\t<i aria-hidden=\"true\" class=\"flaticon flaticon-signpost\"><\/i>\t\t\t<\/div>\n\t\t<\/div>\n\t\t\t\t\t\t<\/div>\n\t\t\t\t<\/div>\n\t\t\t\t<div class=\"elementor-element elementor-element-f9f0965 elementor-widget elementor-widget-text-editor\" data-id=\"f9f0965\" data-element_type=\"widget\" data-widget_type=\"text-editor.default\">\n\t\t\t\t<div class=\"elementor-widget-container\">\n\t\t\t\t\t\t\t\t\t<p style=\"text-align: center;\">With a privileged location in the center of Portugal, Sert\u00e3 invites you to <br \/>discovering serene landscapes, historic villages, striking monuments and living traditions. <br \/><strong>From heritage to nature, each visit reveals a new story.<\/strong><\/p>\t\t\t\t\t\t\t\t<\/div>\n\t\t\t\t<\/div>\n\t\t\t\t<div class=\"elementor-element elementor-element-93741dc elementor-widget elementor-widget-spacer\" data-id=\"93741dc\" data-element_type=\"widget\" data-widget_type=\"spacer.default\">\n\t\t\t\t<div class=\"elementor-widget-container\">\n\t\t\t\t\t\t\t<div class=\"elementor-spacer\">\n\t\t\t<div class=\"elementor-spacer-inner\"><\/div>\n\t\t<\/div>\n\t\t\t\t\t\t<\/div>\n\t\t\t\t<\/div>\n\t\t\t\t\t<\/div>\n\t\t<\/div>\n\t\t\t\t\t<\/div>\n\t\t<\/section>\n\t\t\t\t<section class=\"elementor-section elementor-top-section elementor-element elementor-element-2443156 elementor-section-stretched elementor-section-boxed elementor-section-height-default elementor-section-height-default\" data-id=\"2443156\" data-element_type=\"section\" data-settings=\"{&quot;stretch_section&quot;:&quot;section-stretched&quot;}\">\n\t\t\t\t\t\t<div class=\"elementor-container elementor-column-gap-default\">\n\t\t\t\t\t<div class=\"elementor-column elementor-col-25 elementor-top-column elementor-element elementor-element-38a381f\" data-id=\"38a381f\" data-element_type=\"column\">\n\t\t\t<div class=\"elementor-widget-wrap elementor-element-populated\">\n\t\t\t\t\t\t<div class=\"elementor-element elementor-element-72c3a75 elementor-widget elementor-widget-cs_call_to_action\" data-id=\"72c3a75\" data-element_type=\"widget\" data-settings=\"{&quot;overlay_background&quot;:&quot;gradient&quot;}\" data-widget_type=\"cs_call_to_action.default\">\n\t\t\t\t<div class=\"elementor-widget-container\">\n\t\t\t\t\t\n\t\t<div class=\"cs-cta cta-layout-text-overlap content-bottom with-inner-border dark-color text-center cta-hover-img-zoom\">\n            <div class=\"cs-cta-wrap\">\t\t               \t<div class=\"cs-cta-img\">\n\t\t                    <img fetchpriority=\"high\" decoding=\"async\" width=\"550\" height=\"825\" src=\"https:\/\/hotellarverde.pt\/wp-content\/uploads\/2025\/07\/praias-fluviais-550x825.jpg\" class=\"attachment-cozystay_550x9999 size-cozystay_550x9999 wp-image-5527\" alt=\"\" srcset=\"https:\/\/hotellarverde.pt\/wp-content\/uploads\/2025\/07\/praias-fluviais-550x825.jpg 550w, https:\/\/hotellarverde.pt\/wp-content\/uploads\/2025\/07\/praias-fluviais-200x300.jpg 200w, https:\/\/hotellarverde.pt\/wp-content\/uploads\/2025\/07\/praias-fluviais-683x1024.jpg 683w, https:\/\/hotellarverde.pt\/wp-content\/uploads\/2025\/07\/praias-fluviais-768x1152.jpg 768w, https:\/\/hotellarverde.pt\/wp-content\/uploads\/2025\/07\/praias-fluviais-8x12.jpg 8w, https:\/\/hotellarverde.pt\/wp-content\/uploads\/2025\/07\/praias-fluviais-780x1170.jpg 780w, https:\/\/hotellarverde.pt\/wp-content\/uploads\/2025\/07\/praias-fluviais-600x900.jpg 600w, https:\/\/hotellarverde.pt\/wp-content\/uploads\/2025\/07\/praias-fluviais-370x555.jpg 370w, https:\/\/hotellarverde.pt\/wp-content\/uploads\/2025\/07\/praias-fluviais-255x383.jpg 255w, https:\/\/hotellarverde.pt\/wp-content\/uploads\/2025\/07\/praias-fluviais-100x150.jpg 100w, https:\/\/hotellarverde.pt\/wp-content\/uploads\/2025\/07\/praias-fluviais.jpg 800w\" sizes=\"(max-width: 550px) 100vw, 550px\" \/>\t\t                <\/div>                <div class=\"cs-cta-overlay\"><\/div>\n                <div class=\"cs-cta-content\">\t\t            <h5 class=\"cs-cta-title cs-title\">\n\t\t                RIVER BEACHES\t\t            <\/h5>\t                <div class=\"cs-cta-btn hover-slide-up\">\n\t                    <a class=\"button cs-btn-underline cs-btn-small cs-btn-with-icon\" role=\"button\" href=\"https:\/\/hotellarverde.pt\/en\/praias-fluviais\/\">\n\t                        <span class=\"cs-btn-text\">More Details<\/span>\t\t\t\t            \t<span class=\"cs-btn-icon icon-arrow\"><\/span>\t                    <\/a>\n\t                <\/div>\t\t\t<\/div>                <a class=\"cs-cta-link\" href=\"https:\/\/hotellarverde.pt\/en\/praias-fluviais\/\" aria-label=\"Call to Action Link\"><\/a>            <\/div>\n        <\/div>\t\t\t\t<\/div>\n\t\t\t\t<\/div>\n\t\t\t\t\t<\/div>\n\t\t<\/div>\n\t\t\t\t<div class=\"elementor-column elementor-col-25 elementor-top-column elementor-element elementor-element-036030a\" data-id=\"036030a\" data-element_type=\"column\">\n\t\t\t<div class=\"elementor-widget-wrap elementor-element-populated\">\n\t\t\t\t\t\t<div class=\"elementor-element elementor-element-fa7fb5a elementor-widget elementor-widget-cs_call_to_action\" data-id=\"fa7fb5a\" data-element_type=\"widget\" data-settings=\"{&quot;overlay_background&quot;:&quot;gradient&quot;}\" data-widget_type=\"cs_call_to_action.default\">\n\t\t\t\t<div class=\"elementor-widget-container\">\n\t\t\t\t\t\n\t\t<div class=\"cs-cta cta-layout-text-overlap content-bottom with-inner-border dark-color text-center cta-hover-img-zoom\">\n            <div class=\"cs-cta-wrap\">\t\t               \t<div class=\"cs-cta-img\">\n\t\t                    <img decoding=\"async\" width=\"550\" height=\"825\" src=\"https:\/\/hotellarverde.pt\/wp-content\/uploads\/2025\/07\/patrimonio-cultural-550x825.jpg\" class=\"attachment-cozystay_550x9999 size-cozystay_550x9999 wp-image-5530\" alt=\"\" srcset=\"https:\/\/hotellarverde.pt\/wp-content\/uploads\/2025\/07\/patrimonio-cultural-550x825.jpg 550w, https:\/\/hotellarverde.pt\/wp-content\/uploads\/2025\/07\/patrimonio-cultural-200x300.jpg 200w, https:\/\/hotellarverde.pt\/wp-content\/uploads\/2025\/07\/patrimonio-cultural-683x1024.jpg 683w, https:\/\/hotellarverde.pt\/wp-content\/uploads\/2025\/07\/patrimonio-cultural-768x1152.jpg 768w, https:\/\/hotellarverde.pt\/wp-content\/uploads\/2025\/07\/patrimonio-cultural-8x12.jpg 8w, https:\/\/hotellarverde.pt\/wp-content\/uploads\/2025\/07\/patrimonio-cultural-780x1170.jpg 780w, https:\/\/hotellarverde.pt\/wp-content\/uploads\/2025\/07\/patrimonio-cultural-600x900.jpg 600w, https:\/\/hotellarverde.pt\/wp-content\/uploads\/2025\/07\/patrimonio-cultural-370x555.jpg 370w, https:\/\/hotellarverde.pt\/wp-content\/uploads\/2025\/07\/patrimonio-cultural-255x383.jpg 255w, https:\/\/hotellarverde.pt\/wp-content\/uploads\/2025\/07\/patrimonio-cultural-100x150.jpg 100w, https:\/\/hotellarverde.pt\/wp-content\/uploads\/2025\/07\/patrimonio-cultural.jpg 800w\" sizes=\"(max-width: 550px) 100vw, 550px\" \/>\t\t                <\/div>                <div class=\"cs-cta-overlay\"><\/div>\n                <div class=\"cs-cta-content\">\t\t            <h5 class=\"cs-cta-title cs-title\">\n\t\t                CULTURAL HERITAGE\t\t            <\/h5>\t                <div class=\"cs-cta-btn hover-slide-up\">\n\t                    <a class=\"button cs-btn-underline cs-btn-small cs-btn-with-icon\" role=\"button\" href=\"https:\/\/hotellarverde.pt\/en\/patrimonio-cultural\/\">\n\t                        <span class=\"cs-btn-text\">More Details<\/span>\t\t\t\t            \t<span class=\"cs-btn-icon icon-arrow\"><\/span>\t                    <\/a>\n\t                <\/div>\t\t\t<\/div>                <a class=\"cs-cta-link\" href=\"https:\/\/hotellarverde.pt\/en\/patrimonio-cultural\/\" aria-label=\"Call to Action Link\"><\/a>            <\/div>\n        <\/div>\t\t\t\t<\/div>\n\t\t\t\t<\/div>\n\t\t\t\t\t<\/div>\n\t\t<\/div>\n\t\t\t\t<div class=\"elementor-column elementor-col-25 elementor-top-column elementor-element elementor-element-18bdc20\" data-id=\"18bdc20\" data-element_type=\"column\">\n\t\t\t<div class=\"elementor-widget-wrap elementor-element-populated\">\n\t\t\t\t\t\t<div class=\"elementor-element elementor-element-dd91e1a elementor-widget elementor-widget-cs_call_to_action\" data-id=\"dd91e1a\" data-element_type=\"widget\" data-settings=\"{&quot;overlay_background&quot;:&quot;gradient&quot;}\" data-widget_type=\"cs_call_to_action.default\">\n\t\t\t\t<div class=\"elementor-widget-container\">\n\t\t\t\t\t\n\t\t<div class=\"cs-cta cta-layout-text-overlap content-bottom with-inner-border dark-color text-center cta-hover-img-zoom\">\n            <div class=\"cs-cta-wrap\">\t\t               \t<div class=\"cs-cta-img\">\n\t\t                    <img decoding=\"async\" width=\"550\" height=\"825\" src=\"https:\/\/hotellarverde.pt\/wp-content\/uploads\/2025\/07\/trilhos-550x825.jpg\" class=\"attachment-cozystay_550x9999 size-cozystay_550x9999 wp-image-5529\" alt=\"\" srcset=\"https:\/\/hotellarverde.pt\/wp-content\/uploads\/2025\/07\/trilhos-550x825.jpg 550w, https:\/\/hotellarverde.pt\/wp-content\/uploads\/2025\/07\/trilhos-200x300.jpg 200w, https:\/\/hotellarverde.pt\/wp-content\/uploads\/2025\/07\/trilhos-683x1024.jpg 683w, https:\/\/hotellarverde.pt\/wp-content\/uploads\/2025\/07\/trilhos-768x1152.jpg 768w, https:\/\/hotellarverde.pt\/wp-content\/uploads\/2025\/07\/trilhos-8x12.jpg 8w, https:\/\/hotellarverde.pt\/wp-content\/uploads\/2025\/07\/trilhos-780x1170.jpg 780w, https:\/\/hotellarverde.pt\/wp-content\/uploads\/2025\/07\/trilhos-600x900.jpg 600w, https:\/\/hotellarverde.pt\/wp-content\/uploads\/2025\/07\/trilhos-370x555.jpg 370w, https:\/\/hotellarverde.pt\/wp-content\/uploads\/2025\/07\/trilhos-255x383.jpg 255w, https:\/\/hotellarverde.pt\/wp-content\/uploads\/2025\/07\/trilhos-100x150.jpg 100w, https:\/\/hotellarverde.pt\/wp-content\/uploads\/2025\/07\/trilhos.jpg 800w\" sizes=\"(max-width: 550px) 100vw, 550px\" \/>\t\t                <\/div>                <div class=\"cs-cta-overlay\"><\/div>\n                <div class=\"cs-cta-content\">\t\t            <h5 class=\"cs-cta-title cs-title\">\n\t\t                ROUTES &amp; TRAILS\t\t            <\/h5>\t                <div class=\"cs-cta-btn hover-slide-up\">\n\t                    <a class=\"button cs-btn-underline cs-btn-small cs-btn-with-icon\" role=\"button\" href=\"https:\/\/hotellarverde.pt\/en\/rotas-e-trilhos\/\">\n\t                        <span class=\"cs-btn-text\">More Details<\/span>\t\t\t\t            \t<span class=\"cs-btn-icon icon-arrow\"><\/span>\t                    <\/a>\n\t                <\/div>\t\t\t<\/div>                <a class=\"cs-cta-link\" href=\"https:\/\/hotellarverde.pt\/en\/rotas-e-trilhos\/\" aria-label=\"Call to Action Link\"><\/a>            <\/div>\n        <\/div>\t\t\t\t<\/div>\n\t\t\t\t<\/div>\n\t\t\t\t\t<\/div>\n\t\t<\/div>\n\t\t\t\t<div class=\"elementor-column elementor-col-25 elementor-top-column elementor-element elementor-element-10216f0\" data-id=\"10216f0\" data-element_type=\"column\">\n\t\t\t<div class=\"elementor-widget-wrap elementor-element-populated\">\n\t\t\t\t\t\t<div class=\"elementor-element elementor-element-35ecf99 elementor-widget elementor-widget-cs_call_to_action\" data-id=\"35ecf99\" data-element_type=\"widget\" data-settings=\"{&quot;overlay_background&quot;:&quot;gradient&quot;}\" data-widget_type=\"cs_call_to_action.default\">\n\t\t\t\t<div class=\"elementor-widget-container\">\n\t\t\t\t\t\n\t\t<div class=\"cs-cta cta-layout-text-overlap content-bottom with-inner-border dark-color text-center cta-hover-img-zoom\">\n            <div class=\"cs-cta-wrap\">\t\t               \t<div class=\"cs-cta-img\">\n\t\t                    <img loading=\"lazy\" decoding=\"async\" width=\"550\" height=\"825\" src=\"https:\/\/hotellarverde.pt\/wp-content\/uploads\/2025\/08\/aldeias-de-xisto-550x825.jpg\" class=\"attachment-cozystay_550x9999 size-cozystay_550x9999 wp-image-6093\" alt=\"\" srcset=\"https:\/\/hotellarverde.pt\/wp-content\/uploads\/2025\/08\/aldeias-de-xisto-550x825.jpg 550w, https:\/\/hotellarverde.pt\/wp-content\/uploads\/2025\/08\/aldeias-de-xisto-200x300.jpg 200w, https:\/\/hotellarverde.pt\/wp-content\/uploads\/2025\/08\/aldeias-de-xisto-683x1024.jpg 683w, https:\/\/hotellarverde.pt\/wp-content\/uploads\/2025\/08\/aldeias-de-xisto-768x1152.jpg 768w, https:\/\/hotellarverde.pt\/wp-content\/uploads\/2025\/08\/aldeias-de-xisto-8x12.jpg 8w, https:\/\/hotellarverde.pt\/wp-content\/uploads\/2025\/08\/aldeias-de-xisto-780x1170.jpg 780w, https:\/\/hotellarverde.pt\/wp-content\/uploads\/2025\/08\/aldeias-de-xisto-600x900.jpg 600w, https:\/\/hotellarverde.pt\/wp-content\/uploads\/2025\/08\/aldeias-de-xisto-370x555.jpg 370w, https:\/\/hotellarverde.pt\/wp-content\/uploads\/2025\/08\/aldeias-de-xisto-255x383.jpg 255w, https:\/\/hotellarverde.pt\/wp-content\/uploads\/2025\/08\/aldeias-de-xisto-100x150.jpg 100w, https:\/\/hotellarverde.pt\/wp-content\/uploads\/2025\/08\/aldeias-de-xisto.jpg 800w\" sizes=\"(max-width: 550px) 100vw, 550px\" \/>\t\t                <\/div>                <div class=\"cs-cta-overlay\"><\/div>\n                <div class=\"cs-cta-content\">\t\t            <h5 class=\"cs-cta-title cs-title\">\n\t\t                ALDEIAS <br>DE XISTO\t\t            <\/h5>\t                <div class=\"cs-cta-btn hover-slide-up\">\n\t                    <a class=\"button cs-btn-underline cs-btn-small cs-btn-with-icon\" role=\"button\" href=\"https:\/\/hotellarverde.pt\/en\/aldeias-de-xisto\/\">\n\t                        <span class=\"cs-btn-text\">More Details<\/span>\t\t\t\t            \t<span class=\"cs-btn-icon icon-arrow\"><\/span>\t                    <\/a>\n\t                <\/div>\t\t\t<\/div>                <a class=\"cs-cta-link\" href=\"https:\/\/hotellarverde.pt\/en\/aldeias-de-xisto\/\" aria-label=\"Call to Action Link\"><\/a>            <\/div>\n        <\/div>\t\t\t\t<\/div>\n\t\t\t\t<\/div>\n\t\t\t\t\t<\/div>\n\t\t<\/div>\n\t\t\t\t\t<\/div>\n\t\t<\/section>\n\t\t\t\t<section class=\"elementor-section elementor-top-section elementor-element elementor-element-08895f8 animated-fast cs-animation-small-offset elementor-hidden-desktop elementor-hidden-tablet elementor-hidden-mobile elementor-section-boxed elementor-section-height-default elementor-section-height-default elementor-invisible\" data-id=\"08895f8\" data-element_type=\"section\" data-settings=\"{&quot;animation&quot;:&quot;fadeInUp&quot;,&quot;animation_delay&quot;:200}\">\n\t\t\t\t\t\t<div class=\"elementor-container elementor-column-gap-no\">\n\t\t\t\t\t<div class=\"elementor-column elementor-col-33 elementor-top-column elementor-element elementor-element-002e09b\" data-id=\"002e09b\" data-element_type=\"column\">\n\t\t\t<div class=\"elementor-widget-wrap elementor-element-populated\">\n\t\t\t\t\t\t<div class=\"elementor-element elementor-element-b6b6fd7 elementor-widget elementor-widget-cs_call_to_action\" data-id=\"b6b6fd7\" data-element_type=\"widget\" data-settings=\"{&quot;overlay_background&quot;:&quot;gradient&quot;}\" data-widget_type=\"cs_call_to_action.default\">\n\t\t\t\t<div class=\"elementor-widget-container\">\n\t\t\t\t\t\n\t\t<div class=\"cs-cta cta-layout-text-overlap content-bottom with-inner-border dark-color text-center cta-hover-img-zoom\">\n            <div class=\"cs-cta-wrap\">\t\t               \t<div class=\"cs-cta-img\">\n\t\t                    <img decoding=\"async\" src=\"https:\/\/cozystay.loftocean.com\/island-resort\/wp-content\/uploads\/sites\/3\/2023\/03\/img-77-1.jpg\" title=\"\" alt=\"\" loading=\"lazy\" \/>\t\t                <\/div>                <div class=\"cs-cta-overlay\"><\/div>                \t<div class=\"cs-cta-label label-top-left\">\n\t\t\t\t\t   <div class=\"cs-cta-label-text\">Popular<\/div>\n\t\t\t\t\t<\/div>\n                <div class=\"cs-cta-content\">\t\t            <h6 class=\"cs-cta-title cs-title\">\n\t\t                Gastronomia\t\t            <\/h6>\t                <div class=\"cs-cta-btn hover-slide-up\">\n\t                    <a class=\"button cs-btn-underline cs-btn-small cs-btn-with-icon\" role=\"button\" href=\"https:\/\/hotellarverde.pt\/en\/gastronomia\/\">\n\t                        <span class=\"cs-btn-text\">More Details<\/span>\t\t\t\t            \t<span class=\"cs-btn-icon icon-arrow\"><\/span>\t                    <\/a>\n\t                <\/div>\t\t\t<\/div>            <\/div>\n        <\/div>\t\t\t\t<\/div>\n\t\t\t\t<\/div>\n\t\t\t\t\t<\/div>\n\t\t<\/div>\n\t\t\t\t<div class=\"elementor-column elementor-col-33 elementor-top-column elementor-element elementor-element-6c4385b\" data-id=\"6c4385b\" data-element_type=\"column\">\n\t\t\t<div class=\"elementor-widget-wrap\">\n\t\t\t\t\t\t\t<\/div>\n\t\t<\/div>\n\t\t\t\t<div class=\"elementor-column elementor-col-33 elementor-top-column elementor-element elementor-element-cd83d8e\" data-id=\"cd83d8e\" data-element_type=\"column\">\n\t\t\t<div class=\"elementor-widget-wrap\">\n\t\t\t\t\t\t\t<\/div>\n\t\t<\/div>\n\t\t\t\t\t<\/div>\n\t\t<\/section>\n\t\t\t\t<section class=\"elementor-section elementor-top-section elementor-element elementor-element-804b704 elementor-section-boxed elementor-section-height-default elementor-section-height-default\" data-id=\"804b704\" data-element_type=\"section\">\n\t\t\t\t\t\t<div class=\"elementor-container elementor-column-gap-default\">\n\t\t\t\t\t<div class=\"elementor-column elementor-col-100 elementor-top-column elementor-element elementor-element-8ac3a12\" data-id=\"8ac3a12\" data-element_type=\"column\">\n\t\t\t<div class=\"elementor-widget-wrap elementor-element-populated\">\n\t\t\t\t\t\t<div class=\"elementor-element elementor-element-0f8cdd0 elementor-widget elementor-widget-spacer\" data-id=\"0f8cdd0\" data-element_type=\"widget\" data-widget_type=\"spacer.default\">\n\t\t\t\t<div class=\"elementor-widget-container\">\n\t\t\t\t\t\t\t<div class=\"elementor-spacer\">\n\t\t\t<div class=\"elementor-spacer-inner\"><\/div>\n\t\t<\/div>\n\t\t\t\t\t\t<\/div>\n\t\t\t\t<\/div>\n\t\t\t\t\t<\/div>\n\t\t<\/div>\n\t\t\t\t\t<\/div>\n\t\t<\/section>\n\t\t\t\t<\/div>","protected":false},"excerpt":{"rendered":"<p>Viva o melhor da regi\u00e3o EXPLORE A SERT\u00c3 Com uma localiza\u00e7\u00e3o privilegiada no centro de Portugal, a Sert\u00e3 convida \u00e0 descoberta de paisagens serenas, aldeias hist\u00f3ricas, monumentos marcantes e tradi\u00e7\u00f5es vivas. Do patrim\u00f3nio \u00e0 natureza, cada visita revela uma nova hist\u00f3ria. PRAIAS FLUVIAIS Mais Detalhes PATRIM\u00d3NIO CULTURAL Mais Detalhes ROTAS &amp; TRILHOS Mais Detalhes ALDEIAS &#8230;<\/p>","protected":false},"author":1,"featured_media":0,"parent":0,"menu_order":0,"comment_status":"closed","ping_status":"closed","template":"template-wide-content.php","meta":{"cozystay_single_page_hide_site_header":"","cozystay_single_page_site_header_source":"","cozystay_single_page_custom_site_header":"0","cozystay_single_page_custom_sticky_site_header":"0","cozystay_single_page_hide_page_title":"on","cozystay_single_page_header_section_size":"","cozystay_single_page_header_background_color":"","cozystay_single_page_header_background_position_x":"center","cozystay_single_page_header_background_position_y":"center","cozystay_single_page_header_background_size":"cover","cozystay_single_page_header_background_repeat":"off","cozystay_single_page_header_background_scroll":"on","cozystay_single_page_header_text_color":"","cozystay_single_page_header_show_breadcrumb":"","cozystay_single_page_site_footer_hide_main":"","cozystay_single_custom_site_footer_main_source":"","cozystay_single_custom_site_footer_main":"0","cozystay_single_page_site_footer_hide_above":"","cozystay_single_custom_site_footer_above_source":"","cozystay_single_custom_site_footer_above":"0","cozystay_single_page_site_footer_hide_instagram":"","cozystay_single_page_site_footer_hide_bottom":"","cozystay_single_custom_mobile_menu_source":"","cozystay_single_custom_mobile_menu":"0","cozystay_single_custom_mobile_menu_animation":"","cozystay_single_custom_mobile_menu_width":"","cozystay_single_custom_mobile_menu_custom_width":375,"footnotes":""},"class_list":["post-319","page","type-page","status-publish","hentry"],"yoast_head":"<!-- This site is optimized with the Yoast SEO plugin v25.8 - https:\/\/yoast.com\/wordpress\/plugins\/seo\/ -->\n<title>Explorar - LarVerde Hotel<\/title>\n<meta name=\"robots\" content=\"index, follow, max-snippet:-1, max-image-preview:large, max-video-preview:-1\" \/>\n<link rel=\"canonical\" href=\"https:\/\/hotellarverde.pt\/en\/explorar\/\" \/>\n<meta property=\"og:locale\" content=\"en_US\" \/>\n<meta property=\"og:type\" content=\"article\" \/>\n<meta property=\"og:title\" content=\"Explorar - LarVerde Hotel\" \/>\n<meta property=\"og:description\" content=\"Viva o melhor da regi\u00e3o EXPLORE A SERT\u00c3 Com uma localiza\u00e7\u00e3o privilegiada no centro de Portugal, a Sert\u00e3 convida \u00e0 descoberta de paisagens serenas, aldeias hist\u00f3ricas, monumentos marcantes e tradi\u00e7\u00f5es vivas. Do patrim\u00f3nio \u00e0 natureza, cada visita revela uma nova hist\u00f3ria. PRAIAS FLUVIAIS Mais Detalhes PATRIM\u00d3NIO CULTURAL Mais Detalhes ROTAS &amp; TRILHOS Mais Detalhes ALDEIAS ...\" \/>\n<meta property=\"og:url\" content=\"https:\/\/hotellarverde.pt\/en\/explorar\/\" \/>\n<meta property=\"og:site_name\" content=\"LarVerde Hotel\" \/>\n<meta property=\"article:modified_time\" content=\"2025-09-02T16:43:30+00:00\" \/>\n<meta property=\"og:image\" content=\"https:\/\/hotellarverde.pt\/wp-content\/uploads\/2025\/07\/praias-fluviais.jpg\" \/>\n\t<meta property=\"og:image:width\" content=\"800\" \/>\n\t<meta property=\"og:image:height\" content=\"1200\" \/>\n\t<meta property=\"og:image:type\" content=\"image\/jpeg\" \/>\n<meta name=\"twitter:card\" content=\"summary_large_image\" \/>\n<meta name=\"twitter:label1\" content=\"Est. reading time\" \/>\n\t<meta name=\"twitter:data1\" content=\"2 minutes\" \/>\n<script type=\"application\/ld+json\" class=\"yoast-schema-graph\">{\"@context\":\"https:\/\/schema.org\",\"@graph\":[{\"@type\":\"WebPage\",\"@id\":\"https:\/\/hotellarverde.pt\/explorar\/\",\"url\":\"https:\/\/hotellarverde.pt\/explorar\/\",\"name\":\"Explorar - LarVerde Hotel\",\"isPartOf\":{\"@id\":\"https:\/\/hotellarverde.pt\/#website\"},\"primaryImageOfPage\":{\"@id\":\"https:\/\/hotellarverde.pt\/explorar\/#primaryimage\"},\"image\":{\"@id\":\"https:\/\/hotellarverde.pt\/explorar\/#primaryimage\"},\"thumbnailUrl\":\"https:\/\/hotellarverde.pt\/wp-content\/uploads\/2025\/07\/praias-fluviais-550x825.jpg\",\"datePublished\":\"2023-03-14T14:28:00+00:00\",\"dateModified\":\"2025-09-02T16:43:30+00:00\",\"breadcrumb\":{\"@id\":\"https:\/\/hotellarverde.pt\/explorar\/#breadcrumb\"},\"inLanguage\":\"en-US\",\"potentialAction\":[{\"@type\":\"ReadAction\",\"target\":[\"https:\/\/hotellarverde.pt\/explorar\/\"]}]},{\"@type\":\"ImageObject\",\"inLanguage\":\"en-US\",\"@id\":\"https:\/\/hotellarverde.pt\/explorar\/#primaryimage\",\"url\":\"https:\/\/hotellarverde.pt\/wp-content\/uploads\/2025\/07\/praias-fluviais-550x825.jpg\",\"contentUrl\":\"https:\/\/hotellarverde.pt\/wp-content\/uploads\/2025\/07\/praias-fluviais-550x825.jpg\"},{\"@type\":\"BreadcrumbList\",\"@id\":\"https:\/\/hotellarverde.pt\/explorar\/#breadcrumb\",\"itemListElement\":[{\"@type\":\"ListItem\",\"position\":1,\"name\":\"Home\",\"item\":\"https:\/\/hotellarverde.pt\/\"},{\"@type\":\"ListItem\",\"position\":2,\"name\":\"Explorar\"}]},{\"@type\":\"WebSite\",\"@id\":\"https:\/\/hotellarverde.pt\/#website\",\"url\":\"https:\/\/hotellarverde.pt\/\",\"name\":\"LarVerde Hotel\",\"description\":\"Vila da Sert\u00e3\",\"potentialAction\":[{\"@type\":\"SearchAction\",\"target\":{\"@type\":\"EntryPoint\",\"urlTemplate\":\"https:\/\/hotellarverde.pt\/?s={search_term_string}\"},\"query-input\":{\"@type\":\"PropertyValueSpecification\",\"valueRequired\":true,\"valueName\":\"search_term_string\"}}],\"inLanguage\":\"en-US\"}]}<\/script>\n<!-- \/ Yoast SEO plugin. -->","yoast_head_json":{"title":"Explorar - LarVerde Hotel","robots":{"index":"index","follow":"follow","max-snippet":"max-snippet:-1","max-image-preview":"max-image-preview:large","max-video-preview":"max-video-preview:-1"},"canonical":"https:\/\/hotellarverde.pt\/en\/explorar\/","og_locale":"en_US","og_type":"article","og_title":"Explorar - LarVerde Hotel","og_description":"Viva o melhor da regi\u00e3o EXPLORE A SERT\u00c3 Com uma localiza\u00e7\u00e3o privilegiada no centro de Portugal, a Sert\u00e3 convida \u00e0 descoberta de paisagens serenas, aldeias hist\u00f3ricas, monumentos marcantes e tradi\u00e7\u00f5es vivas. Do patrim\u00f3nio \u00e0 natureza, cada visita revela uma nova hist\u00f3ria. PRAIAS FLUVIAIS Mais Detalhes PATRIM\u00d3NIO CULTURAL Mais Detalhes ROTAS &amp; TRILHOS Mais Detalhes ALDEIAS ...","og_url":"https:\/\/hotellarverde.pt\/en\/explorar\/","og_site_name":"LarVerde Hotel","article_modified_time":"2025-09-02T16:43:30+00:00","og_image":[{"width":800,"height":1200,"url":"https:\/\/hotellarverde.pt\/wp-content\/uploads\/2025\/07\/praias-fluviais.jpg","type":"image\/jpeg"}],"twitter_card":"summary_large_image","twitter_misc":{"Est. reading time":"2 minutes"},"schema":{"@context":"https:\/\/schema.org","@graph":[{"@type":"WebPage","@id":"https:\/\/hotellarverde.pt\/explorar\/","url":"https:\/\/hotellarverde.pt\/explorar\/","name":"Explorar - LarVerde Hotel","isPartOf":{"@id":"https:\/\/hotellarverde.pt\/#website"},"primaryImageOfPage":{"@id":"https:\/\/hotellarverde.pt\/explorar\/#primaryimage"},"image":{"@id":"https:\/\/hotellarverde.pt\/explorar\/#primaryimage"},"thumbnailUrl":"https:\/\/hotellarverde.pt\/wp-content\/uploads\/2025\/07\/praias-fluviais-550x825.jpg","datePublished":"2023-03-14T14:28:00+00:00","dateModified":"2025-09-02T16:43:30+00:00","breadcrumb":{"@id":"https:\/\/hotellarverde.pt\/explorar\/#breadcrumb"},"inLanguage":"en-US","potentialAction":[{"@type":"ReadAction","target":["https:\/\/hotellarverde.pt\/explorar\/"]}]},{"@type":"ImageObject","inLanguage":"en-US","@id":"https:\/\/hotellarverde.pt\/explorar\/#primaryimage","url":"https:\/\/hotellarverde.pt\/wp-content\/uploads\/2025\/07\/praias-fluviais-550x825.jpg","contentUrl":"https:\/\/hotellarverde.pt\/wp-content\/uploads\/2025\/07\/praias-fluviais-550x825.jpg"},{"@type":"BreadcrumbList","@id":"https:\/\/hotellarverde.pt\/explorar\/#breadcrumb","itemListElement":[{"@type":"ListItem","position":1,"name":"Home","item":"https:\/\/hotellarverde.pt\/"},{"@type":"ListItem","position":2,"name":"Explorar"}]},{"@type":"WebSite","@id":"https:\/\/hotellarverde.pt\/#website","url":"https:\/\/hotellarverde.pt\/","name":"LarVerde Hotel","description":"Sert\u00e3 Village","potentialAction":[{"@type":"SearchAction","target":{"@type":"EntryPoint","urlTemplate":"https:\/\/hotellarverde.pt\/?s={search_term_string}"},"query-input":{"@type":"PropertyValueSpecification","valueRequired":true,"valueName":"search_term_string"}}],"inLanguage":"en-US"}]}},"_links":{"self":[{"href":"https:\/\/hotellarverde.pt\/en\/wp-json\/wp\/v2\/pages\/319","targetHints":{"allow":["GET"]}}],"collection":[{"href":"https:\/\/hotellarverde.pt\/en\/wp-json\/wp\/v2\/pages"}],"about":[{"href":"https:\/\/hotellarverde.pt\/en\/wp-json\/wp\/v2\/types\/page"}],"author":[{"embeddable":true,"href":"https:\/\/hotellarverde.pt\/en\/wp-json\/wp\/v2\/users\/1"}],"replies":[{"embeddable":true,"href":"https:\/\/hotellarverde.pt\/en\/wp-json\/wp\/v2\/comments?post=319"}],"version-history":[{"count":55,"href":"https:\/\/hotellarverde.pt\/en\/wp-json\/wp\/v2\/pages\/319\/revisions"}],"predecessor-version":[{"id":6460,"href":"https:\/\/hotellarverde.pt\/en\/wp-json\/wp\/v2\/pages\/319\/revisions\/6460"}],"wp:attachment":[{"href":"https:\/\/hotellarverde.pt\/en\/wp-json\/wp\/v2\/media?parent=319"}],"curies":[{"name":"wp","href":"https:\/\/api.w.org\/{rel}","templated":true}]}}