{"id":1810,"date":"2023-05-11T14:15:51","date_gmt":"2023-05-11T14:15:51","guid":{"rendered":"https:\/\/cozystay.loftocean.com\/island-resort\/?page_id=1810"},"modified":"2025-09-02T16:46:19","modified_gmt":"2025-09-02T16:46:19","slug":"praias-fluviais","status":"publish","type":"page","link":"https:\/\/hotellarverde.pt\/en\/praias-fluviais\/","title":{"rendered":"River Beaches"},"content":{"rendered":"<div data-elementor-type=\"wp-page\" data-elementor-id=\"1810\" class=\"elementor elementor-1810\">\n\t\t\t\t\t\t<section class=\"elementor-section elementor-top-section elementor-element elementor-element-801451a elementor-section-height-min-height cs-section-content-fullwidth cs-parallax-on-scroll cs_scroll_y_80 elementor-section-boxed elementor-section-height-default elementor-section-items-middle\" data-id=\"801451a\" data-element_type=\"section\" data-settings=\"{&quot;background_background&quot;:&quot;classic&quot;}\" data-cs-parallax-y=\"80\" style=\"background-image: none;\" data-cs-background-image=\"https:\/\/hotellarverde.pt\/wp-content\/uploads\/2025\/07\/praias-fluviais.jpg\" data-cs-background-image-alt-text=\"\">\n\t\t\t\t\t\t\t<div class=\"elementor-background-overlay\"><\/div>\n\t\t\t\t\t\t\t<div class=\"elementor-container elementor-column-gap-no\">\n\t\t\t\t\t<div class=\"elementor-column elementor-col-100 elementor-top-column elementor-element elementor-element-7844eab dark-color\" data-id=\"7844eab\" data-element_type=\"column\">\n\t\t\t<div class=\"elementor-widget-wrap elementor-element-populated\">\n\t\t\t\t\t\t<div class=\"elementor-element elementor-element-b753ce4 elementor-widget elementor-widget-cs_title\" data-id=\"b753ce4\" data-element_type=\"widget\" data-widget_type=\"cs_title.default\">\n\t\t\t\t<div class=\"elementor-widget-container\">\n\t\t\t\t\t\n        <div class=\"cs-title-wrap text-center\">\t            <div class=\"cs-subtitle-wrap\"><span class=\"cs-subtitle color-white\">Explore<\/span><\/div>\t            <h5 class=\"cs-title\">\n\t                RIVER BEACHES\t            <\/h5>        <\/div>\t\t\t\t<\/div>\n\t\t\t\t<\/div>\n\t\t\t\t\t<\/div>\n\t\t<\/div>\n\t\t\t\t\t<\/div>\n\t\t<\/section>\n\t\t\t\t<section class=\"elementor-section elementor-top-section elementor-element elementor-element-9da99cd elementor-section-boxed elementor-section-height-default elementor-section-height-default\" data-id=\"9da99cd\" data-element_type=\"section\">\n\t\t\t\t\t\t<div class=\"elementor-container elementor-column-gap-default\">\n\t\t\t\t\t<div class=\"elementor-column elementor-col-100 elementor-top-column elementor-element elementor-element-bff6a87\" data-id=\"bff6a87\" data-element_type=\"column\">\n\t\t\t<div class=\"elementor-widget-wrap elementor-element-populated\">\n\t\t\t\t\t\t<div class=\"elementor-element elementor-element-bd9a0a8 elementor-widget elementor-widget-spacer\" data-id=\"bd9a0a8\" data-element_type=\"widget\" data-widget_type=\"spacer.default\">\n\t\t\t\t<div class=\"elementor-widget-container\">\n\t\t\t\t\t\t\t<div class=\"elementor-spacer\">\n\t\t\t<div class=\"elementor-spacer-inner\"><\/div>\n\t\t<\/div>\n\t\t\t\t\t\t<\/div>\n\t\t\t\t<\/div>\n\t\t\t\t\t<\/div>\n\t\t<\/div>\n\t\t\t\t\t<\/div>\n\t\t<\/section>\n\t\t\t\t<section class=\"elementor-section elementor-top-section elementor-element elementor-element-0b1c440 elementor-section-boxed elementor-section-height-default elementor-section-height-default\" data-id=\"0b1c440\" data-element_type=\"section\">\n\t\t\t\t\t\t<div class=\"elementor-container elementor-column-gap-default\">\n\t\t\t\t\t<div class=\"elementor-column elementor-col-50 elementor-top-column elementor-element elementor-element-a7f347b\" data-id=\"a7f347b\" data-element_type=\"column\">\n\t\t\t<div class=\"elementor-widget-wrap elementor-element-populated\">\n\t\t\t\t\t\t<div class=\"elementor-element elementor-element-2ec5843 cs-animation-small-offset elementor-invisible elementor-widget elementor-widget-cs_call_to_action\" data-id=\"2ec5843\" data-element_type=\"widget\" data-settings=\"{&quot;_animation&quot;:&quot;fadeInUp&quot;,&quot;_animation_delay&quot;:200}\" data-widget_type=\"cs_call_to_action.default\">\n\t\t\t\t<div class=\"elementor-widget-container\">\n\t\t\t\t\t\n\t\t<div class=\"cs-cta cta-layout-text-normal text-left cta-hover-img-zoom\">\n            <div class=\"cs-cta-wrap\">\t\t                <div class=\"cs-cta-img-wrap\">\n\t\t\t\t\t        <div class=\"cs-cta-img\">\n\t\t\t\t\t            <img fetchpriority=\"high\" decoding=\"async\" width=\"1200\" height=\"800\" src=\"https:\/\/hotellarverde.pt\/wp-content\/uploads\/2025\/07\/praia-fluvial-ribeira-grande.jpg\" class=\"attachment-cozystay_1200x9999 size-cozystay_1200x9999 wp-image-5651\" alt=\"\" srcset=\"https:\/\/hotellarverde.pt\/wp-content\/uploads\/2025\/07\/praia-fluvial-ribeira-grande.jpg 1200w, https:\/\/hotellarverde.pt\/wp-content\/uploads\/2025\/07\/praia-fluvial-ribeira-grande-300x200.jpg 300w, https:\/\/hotellarverde.pt\/wp-content\/uploads\/2025\/07\/praia-fluvial-ribeira-grande-1024x683.jpg 1024w, https:\/\/hotellarverde.pt\/wp-content\/uploads\/2025\/07\/praia-fluvial-ribeira-grande-768x512.jpg 768w, https:\/\/hotellarverde.pt\/wp-content\/uploads\/2025\/07\/praia-fluvial-ribeira-grande-18x12.jpg 18w, https:\/\/hotellarverde.pt\/wp-content\/uploads\/2025\/07\/praia-fluvial-ribeira-grande-780x520.jpg 780w, https:\/\/hotellarverde.pt\/wp-content\/uploads\/2025\/07\/praia-fluvial-ribeira-grande-600x400.jpg 600w, https:\/\/hotellarverde.pt\/wp-content\/uploads\/2025\/07\/praia-fluvial-ribeira-grande-550x367.jpg 550w, https:\/\/hotellarverde.pt\/wp-content\/uploads\/2025\/07\/praia-fluvial-ribeira-grande-370x247.jpg 370w, https:\/\/hotellarverde.pt\/wp-content\/uploads\/2025\/07\/praia-fluvial-ribeira-grande-255x170.jpg 255w, https:\/\/hotellarverde.pt\/wp-content\/uploads\/2025\/07\/praia-fluvial-ribeira-grande-150x100.jpg 150w\" sizes=\"(max-width: 1200px) 100vw, 1200px\" \/>\t\t\t\t\t        <\/div>\n\t\t\t\t\t        <div class=\"cs-offset-border\"><\/div>\n\t\t\t\t\t\t<\/div>                <div class=\"cs-cta-overlay\"><\/div>\n                <div class=\"cs-cta-content\">\t\t\t\t\t<div class=\"cs-subtitle-wrap\"><span class=\"cs-subtitle\">River Beaches<\/span><\/div>\t\t            <h5 class=\"cs-cta-title cs-title\">\n\t\t                RIBEIRA GRANDE RIVER BEACH\t\t            <\/h5>\t\t            <div class=\"cs-cta-text\">\n\t\t                <p align=\"justify\" data-start=\"216\" data-end=\"522\">In the heart of the village of Sert\u00e3, Ribeira Grande River Beach is a refreshing retreat that's easily accessible. Perfect for those who want to avoid driving. The iconic bridge over the river connects the historic area with the more modern part of the village, inviting strolls through typical, charming alleyways.<\/p><p align=\"justify\" data-start=\"524\" data-end=\"702\">With good infrastructure, a picnic area, proximity to the municipal pool, and a natural environment, it's the ideal place for a great day with family or friends.<\/p><p data-start=\"524\" data-end=\"702\"><strong>GPS coordinates:<\/strong> N 39\u00ba \u00a048\u201926.01\u2033 \u00a0W 8\u00ba \u00a005\u201947.39\u2033<\/p>\t\t            <\/div>\t\t\t<\/div>            <\/div>\n        <\/div>\t\t\t\t<\/div>\n\t\t\t\t<\/div>\n\t\t\t\t\t<\/div>\n\t\t<\/div>\n\t\t\t\t<div class=\"elementor-column elementor-col-50 elementor-top-column elementor-element elementor-element-0131fb5\" data-id=\"0131fb5\" data-element_type=\"column\">\n\t\t\t<div class=\"elementor-widget-wrap elementor-element-populated\">\n\t\t\t\t\t\t<div class=\"elementor-element elementor-element-775b4e9 cs-animation-small-offset elementor-invisible elementor-widget elementor-widget-cs_call_to_action\" data-id=\"775b4e9\" data-element_type=\"widget\" data-settings=\"{&quot;_animation&quot;:&quot;fadeInUp&quot;,&quot;_animation_delay&quot;:200}\" data-widget_type=\"cs_call_to_action.default\">\n\t\t\t\t<div class=\"elementor-widget-container\">\n\t\t\t\t\t\n\t\t<div class=\"cs-cta cta-layout-text-normal text-left cta-hover-img-zoom\">\n            <div class=\"cs-cta-wrap\">\t\t                <div class=\"cs-cta-img-wrap\">\n\t\t\t\t\t        <div class=\"cs-cta-img\">\n\t\t\t\t\t            <img decoding=\"async\" width=\"1200\" height=\"800\" src=\"https:\/\/hotellarverde.pt\/wp-content\/uploads\/2025\/07\/praia-fluvial-da-aldeia-ruiva.jpg\" class=\"attachment-cozystay_1200x9999 size-cozystay_1200x9999 wp-image-5662\" alt=\"\" srcset=\"https:\/\/hotellarverde.pt\/wp-content\/uploads\/2025\/07\/praia-fluvial-da-aldeia-ruiva.jpg 1200w, https:\/\/hotellarverde.pt\/wp-content\/uploads\/2025\/07\/praia-fluvial-da-aldeia-ruiva-300x200.jpg 300w, https:\/\/hotellarverde.pt\/wp-content\/uploads\/2025\/07\/praia-fluvial-da-aldeia-ruiva-1024x683.jpg 1024w, https:\/\/hotellarverde.pt\/wp-content\/uploads\/2025\/07\/praia-fluvial-da-aldeia-ruiva-768x512.jpg 768w, https:\/\/hotellarverde.pt\/wp-content\/uploads\/2025\/07\/praia-fluvial-da-aldeia-ruiva-18x12.jpg 18w, https:\/\/hotellarverde.pt\/wp-content\/uploads\/2025\/07\/praia-fluvial-da-aldeia-ruiva-780x520.jpg 780w, https:\/\/hotellarverde.pt\/wp-content\/uploads\/2025\/07\/praia-fluvial-da-aldeia-ruiva-600x400.jpg 600w, https:\/\/hotellarverde.pt\/wp-content\/uploads\/2025\/07\/praia-fluvial-da-aldeia-ruiva-550x367.jpg 550w, https:\/\/hotellarverde.pt\/wp-content\/uploads\/2025\/07\/praia-fluvial-da-aldeia-ruiva-370x247.jpg 370w, https:\/\/hotellarverde.pt\/wp-content\/uploads\/2025\/07\/praia-fluvial-da-aldeia-ruiva-255x170.jpg 255w, https:\/\/hotellarverde.pt\/wp-content\/uploads\/2025\/07\/praia-fluvial-da-aldeia-ruiva-150x100.jpg 150w\" sizes=\"(max-width: 1200px) 100vw, 1200px\" \/>\t\t\t\t\t        <\/div>\n\t\t\t\t\t        <div class=\"cs-offset-border\"><\/div>\n\t\t\t\t\t\t<\/div>                <div class=\"cs-cta-overlay\"><\/div>\n                <div class=\"cs-cta-content\">\t\t\t\t\t<div class=\"cs-subtitle-wrap\"><span class=\"cs-subtitle\">River Beaches<\/span><\/div>\t\t            <h5 class=\"cs-cta-title cs-title\">\n\t\t                ALDEIA RUIVA RIVER BEACH\t\t            <\/h5>\t\t            <div class=\"cs-cta-text\">\n\t\t                <p align=\"justify\" data-start=\"176\" data-end=\"387\">Surrounded by the tranquility of nature and the beauty of the Isna River, Aldeia Ruiva River Beach stands out for its excellent infrastructure and its attention to the well-being of all visitors.<\/p><p align=\"justify\" data-start=\"389\" data-end=\"721\">With slopes designed to ensure the safety of children and adults, this beach offers two large resting areas, with grass and sand, perfect for relaxing in the sun. Accessibility is a strong point, with a ramp to the water and amphibious chairs, making this location inclusive and welcoming for people with reduced mobility.<\/p><p><strong>GPS coordinates:<\/strong> 39.769310245716795, -7.981804771165121\u00a0<\/p>\t\t            <\/div>\t\t\t<\/div>            <\/div>\n        <\/div>\t\t\t\t<\/div>\n\t\t\t\t<\/div>\n\t\t\t\t\t<\/div>\n\t\t<\/div>\n\t\t\t\t\t<\/div>\n\t\t<\/section>\n\t\t\t\t<section class=\"elementor-section elementor-top-section elementor-element elementor-element-5a50277 elementor-section-boxed elementor-section-height-default elementor-section-height-default\" data-id=\"5a50277\" data-element_type=\"section\">\n\t\t\t\t\t\t<div class=\"elementor-container elementor-column-gap-default\">\n\t\t\t\t\t<div class=\"elementor-column elementor-col-100 elementor-top-column elementor-element elementor-element-a24ae82\" data-id=\"a24ae82\" data-element_type=\"column\">\n\t\t\t<div class=\"elementor-widget-wrap elementor-element-populated\">\n\t\t\t\t\t\t<div class=\"elementor-element elementor-element-05b5e5f elementor-widget elementor-widget-spacer\" data-id=\"05b5e5f\" data-element_type=\"widget\" data-widget_type=\"spacer.default\">\n\t\t\t\t<div class=\"elementor-widget-container\">\n\t\t\t\t\t\t\t<div class=\"elementor-spacer\">\n\t\t\t<div class=\"elementor-spacer-inner\"><\/div>\n\t\t<\/div>\n\t\t\t\t\t\t<\/div>\n\t\t\t\t<\/div>\n\t\t\t\t\t<\/div>\n\t\t<\/div>\n\t\t\t\t\t<\/div>\n\t\t<\/section>\n\t\t\t\t<section class=\"elementor-section elementor-top-section elementor-element elementor-element-4cc403e elementor-section-boxed elementor-section-height-default elementor-section-height-default\" data-id=\"4cc403e\" data-element_type=\"section\">\n\t\t\t\t\t\t<div class=\"elementor-container elementor-column-gap-default\">\n\t\t\t\t\t<div class=\"elementor-column elementor-col-50 elementor-top-column elementor-element elementor-element-22036e0\" data-id=\"22036e0\" data-element_type=\"column\">\n\t\t\t<div class=\"elementor-widget-wrap elementor-element-populated\">\n\t\t\t\t\t\t<div class=\"elementor-element elementor-element-da57301 cs-animation-small-offset elementor-invisible elementor-widget elementor-widget-cs_call_to_action\" data-id=\"da57301\" data-element_type=\"widget\" data-settings=\"{&quot;_animation&quot;:&quot;fadeInUp&quot;,&quot;_animation_delay&quot;:200}\" data-widget_type=\"cs_call_to_action.default\">\n\t\t\t\t<div class=\"elementor-widget-container\">\n\t\t\t\t\t\n\t\t<div class=\"cs-cta cta-layout-text-normal text-left cta-hover-img-zoom\">\n            <div class=\"cs-cta-wrap\">\t\t                <div class=\"cs-cta-img-wrap\">\n\t\t\t\t\t        <div class=\"cs-cta-img\">\n\t\t\t\t\t            <img decoding=\"async\" width=\"1200\" height=\"800\" src=\"https:\/\/hotellarverde.pt\/wp-content\/uploads\/2025\/07\/praia-fluvial-de-cardigos.jpg\" class=\"attachment-cozystay_1200x9999 size-cozystay_1200x9999 wp-image-5670\" alt=\"\" srcset=\"https:\/\/hotellarverde.pt\/wp-content\/uploads\/2025\/07\/praia-fluvial-de-cardigos.jpg 1200w, https:\/\/hotellarverde.pt\/wp-content\/uploads\/2025\/07\/praia-fluvial-de-cardigos-300x200.jpg 300w, https:\/\/hotellarverde.pt\/wp-content\/uploads\/2025\/07\/praia-fluvial-de-cardigos-1024x683.jpg 1024w, https:\/\/hotellarverde.pt\/wp-content\/uploads\/2025\/07\/praia-fluvial-de-cardigos-768x512.jpg 768w, https:\/\/hotellarverde.pt\/wp-content\/uploads\/2025\/07\/praia-fluvial-de-cardigos-18x12.jpg 18w, https:\/\/hotellarverde.pt\/wp-content\/uploads\/2025\/07\/praia-fluvial-de-cardigos-780x520.jpg 780w, https:\/\/hotellarverde.pt\/wp-content\/uploads\/2025\/07\/praia-fluvial-de-cardigos-600x400.jpg 600w, https:\/\/hotellarverde.pt\/wp-content\/uploads\/2025\/07\/praia-fluvial-de-cardigos-550x367.jpg 550w, https:\/\/hotellarverde.pt\/wp-content\/uploads\/2025\/07\/praia-fluvial-de-cardigos-370x247.jpg 370w, https:\/\/hotellarverde.pt\/wp-content\/uploads\/2025\/07\/praia-fluvial-de-cardigos-255x170.jpg 255w, https:\/\/hotellarverde.pt\/wp-content\/uploads\/2025\/07\/praia-fluvial-de-cardigos-150x100.jpg 150w\" sizes=\"(max-width: 1200px) 100vw, 1200px\" \/>\t\t\t\t\t        <\/div>\n\t\t\t\t\t        <div class=\"cs-offset-border\"><\/div>\n\t\t\t\t\t\t<\/div>                <div class=\"cs-cta-overlay\"><\/div>\n                <div class=\"cs-cta-content\">\t\t\t\t\t<div class=\"cs-subtitle-wrap\"><span class=\"cs-subtitle\">River Beaches<\/span><\/div>\t\t            <h5 class=\"cs-cta-title cs-title\">\n\t\t                CARDIGOS RIVER BEACH\t\t            <\/h5>\t\t            <div class=\"cs-cta-text\">\n\t\t                <p align=\"justify\" data-start=\"187\" data-end=\"369\">Next to the Vergancinho water dam, in the municipality of Ma\u00e7\u00e3o, Cardigos River Beach is a true natural refuge, perfect for those seeking tranquility and enchanting landscapes.<\/p><p align=\"justify\" data-start=\"371\" data-end=\"687\">With a grassy area shaded by trees and a sandy area with charming straw umbrellas, this space invites relaxation and cool dips on hot days. Recognized as the \"Star of the Middle Tagus\" in the Natural Heritage \u2013 River Beaches category, it's a must-see for nature lovers.<\/p><p><strong>GPS coordinates:<\/strong>39\u00b042\u201932.1\u2033N 8\u00b000\u201949.4\u2033W\u00a0<\/p>\t\t            <\/div>\t\t\t<\/div>            <\/div>\n        <\/div>\t\t\t\t<\/div>\n\t\t\t\t<\/div>\n\t\t\t\t\t<\/div>\n\t\t<\/div>\n\t\t\t\t<div class=\"elementor-column elementor-col-50 elementor-top-column elementor-element elementor-element-3a657db\" data-id=\"3a657db\" data-element_type=\"column\">\n\t\t\t<div class=\"elementor-widget-wrap elementor-element-populated\">\n\t\t\t\t\t\t<div class=\"elementor-element elementor-element-f43df02 cs-animation-small-offset elementor-invisible elementor-widget elementor-widget-cs_call_to_action\" data-id=\"f43df02\" data-element_type=\"widget\" data-settings=\"{&quot;_animation&quot;:&quot;fadeInUp&quot;,&quot;_animation_delay&quot;:200}\" data-widget_type=\"cs_call_to_action.default\">\n\t\t\t\t<div class=\"elementor-widget-container\">\n\t\t\t\t\t\n\t\t<div class=\"cs-cta cta-layout-text-normal text-left cta-hover-img-zoom\">\n            <div class=\"cs-cta-wrap\">\t\t                <div class=\"cs-cta-img-wrap\">\n\t\t\t\t\t        <div class=\"cs-cta-img\">\n\t\t\t\t\t            <img loading=\"lazy\" decoding=\"async\" width=\"1200\" height=\"800\" src=\"https:\/\/hotellarverde.pt\/wp-content\/uploads\/2025\/08\/praia-fluvial-trizio.jpg\" class=\"attachment-cozystay_1200x9999 size-cozystay_1200x9999 wp-image-6074\" alt=\"\" srcset=\"https:\/\/hotellarverde.pt\/wp-content\/uploads\/2025\/08\/praia-fluvial-trizio.jpg 1200w, https:\/\/hotellarverde.pt\/wp-content\/uploads\/2025\/08\/praia-fluvial-trizio-300x200.jpg 300w, https:\/\/hotellarverde.pt\/wp-content\/uploads\/2025\/08\/praia-fluvial-trizio-1024x683.jpg 1024w, https:\/\/hotellarverde.pt\/wp-content\/uploads\/2025\/08\/praia-fluvial-trizio-768x512.jpg 768w, https:\/\/hotellarverde.pt\/wp-content\/uploads\/2025\/08\/praia-fluvial-trizio-18x12.jpg 18w, https:\/\/hotellarverde.pt\/wp-content\/uploads\/2025\/08\/praia-fluvial-trizio-780x520.jpg 780w, https:\/\/hotellarverde.pt\/wp-content\/uploads\/2025\/08\/praia-fluvial-trizio-600x400.jpg 600w, https:\/\/hotellarverde.pt\/wp-content\/uploads\/2025\/08\/praia-fluvial-trizio-550x367.jpg 550w, https:\/\/hotellarverde.pt\/wp-content\/uploads\/2025\/08\/praia-fluvial-trizio-370x247.jpg 370w, https:\/\/hotellarverde.pt\/wp-content\/uploads\/2025\/08\/praia-fluvial-trizio-255x170.jpg 255w, https:\/\/hotellarverde.pt\/wp-content\/uploads\/2025\/08\/praia-fluvial-trizio-150x100.jpg 150w\" sizes=\"(max-width: 1200px) 100vw, 1200px\" \/>\t\t\t\t\t        <\/div>\n\t\t\t\t\t        <div class=\"cs-offset-border\"><\/div>\n\t\t\t\t\t\t<\/div>                <div class=\"cs-cta-overlay\"><\/div>\n                <div class=\"cs-cta-content\">\t\t\t\t\t<div class=\"cs-subtitle-wrap\"><span class=\"cs-subtitle\">River Beaches<\/span><\/div>\t\t            <h5 class=\"cs-cta-title cs-title\">\n\t\t                TR\u00cdZIO LEISURE AREA\t\t            <\/h5>\t\t            <div class=\"cs-cta-text\">\n\t\t                <p align=\"justify\" data-start=\"173\" data-end=\"438\">On the banks of the imposing Castelo de Bode Reservoir, Tr\u00edzio is a paradise for nature and adventure lovers. Here you'll find the modern Z\u00eazere Nautical Center, a space equipped to provide memorable days in contact with the water and the great outdoors.<\/p><p align=\"justify\" data-start=\"440\" data-end=\"760\">With a restaurant, bar, playground, nautical shop, camping area, and even a floating pool, this leisure area is perfect for both families and groups. Water activities are the highlight: canoeing, water skiing, wakeboarding, and boat rentals guarantee moments full of adrenaline or relaxation.<\/p><p><strong>GPS coordinates:<\/strong> N 39\u00ba \u00a043\u201947.16\u2033 \u00a0W 8\u00ba \u00a013\u201950.94\u2033\u00a0<\/p>\t\t            <\/div>\t\t\t<\/div>            <\/div>\n        <\/div>\t\t\t\t<\/div>\n\t\t\t\t<\/div>\n\t\t\t\t\t<\/div>\n\t\t<\/div>\n\t\t\t\t\t<\/div>\n\t\t<\/section>\n\t\t\t\t<section class=\"elementor-section elementor-top-section elementor-element elementor-element-d5be193 elementor-section-boxed elementor-section-height-default elementor-section-height-default\" data-id=\"d5be193\" data-element_type=\"section\">\n\t\t\t\t\t\t<div class=\"elementor-container elementor-column-gap-default\">\n\t\t\t\t\t<div class=\"elementor-column elementor-col-100 elementor-top-column elementor-element elementor-element-45c1f85\" data-id=\"45c1f85\" data-element_type=\"column\">\n\t\t\t<div class=\"elementor-widget-wrap elementor-element-populated\">\n\t\t\t\t\t\t<div class=\"elementor-element elementor-element-4f6e1db elementor-widget elementor-widget-spacer\" data-id=\"4f6e1db\" data-element_type=\"widget\" data-widget_type=\"spacer.default\">\n\t\t\t\t<div class=\"elementor-widget-container\">\n\t\t\t\t\t\t\t<div class=\"elementor-spacer\">\n\t\t\t<div class=\"elementor-spacer-inner\"><\/div>\n\t\t<\/div>\n\t\t\t\t\t\t<\/div>\n\t\t\t\t<\/div>\n\t\t\t\t\t<\/div>\n\t\t<\/div>\n\t\t\t\t\t<\/div>\n\t\t<\/section>\n\t\t\t\t<section class=\"elementor-section elementor-top-section elementor-element elementor-element-f28e751 elementor-section-boxed elementor-section-height-default elementor-section-height-default\" data-id=\"f28e751\" data-element_type=\"section\">\n\t\t\t\t\t\t<div class=\"elementor-container elementor-column-gap-default\">\n\t\t\t\t\t<div class=\"elementor-column elementor-col-50 elementor-top-column elementor-element elementor-element-1f1f200\" data-id=\"1f1f200\" data-element_type=\"column\">\n\t\t\t<div class=\"elementor-widget-wrap elementor-element-populated\">\n\t\t\t\t\t\t<div class=\"elementor-element elementor-element-cc84464 cs-animation-small-offset elementor-invisible elementor-widget elementor-widget-cs_call_to_action\" data-id=\"cc84464\" data-element_type=\"widget\" data-settings=\"{&quot;_animation&quot;:&quot;fadeInUp&quot;,&quot;_animation_delay&quot;:200}\" data-widget_type=\"cs_call_to_action.default\">\n\t\t\t\t<div class=\"elementor-widget-container\">\n\t\t\t\t\t\n\t\t<div class=\"cs-cta cta-layout-text-normal text-left cta-hover-img-zoom\">\n            <div class=\"cs-cta-wrap\">\t\t                <div class=\"cs-cta-img-wrap\">\n\t\t\t\t\t        <div class=\"cs-cta-img\">\n\t\t\t\t\t            <img loading=\"lazy\" decoding=\"async\" width=\"1200\" height=\"800\" src=\"https:\/\/hotellarverde.pt\/wp-content\/uploads\/2025\/08\/praia-fluvial-troviscal.jpg\" class=\"attachment-cozystay_1200x9999 size-cozystay_1200x9999 wp-image-6294\" alt=\"\" srcset=\"https:\/\/hotellarverde.pt\/wp-content\/uploads\/2025\/08\/praia-fluvial-troviscal.jpg 1200w, https:\/\/hotellarverde.pt\/wp-content\/uploads\/2025\/08\/praia-fluvial-troviscal-300x200.jpg 300w, https:\/\/hotellarverde.pt\/wp-content\/uploads\/2025\/08\/praia-fluvial-troviscal-1024x683.jpg 1024w, https:\/\/hotellarverde.pt\/wp-content\/uploads\/2025\/08\/praia-fluvial-troviscal-768x512.jpg 768w, https:\/\/hotellarverde.pt\/wp-content\/uploads\/2025\/08\/praia-fluvial-troviscal-18x12.jpg 18w, https:\/\/hotellarverde.pt\/wp-content\/uploads\/2025\/08\/praia-fluvial-troviscal-780x520.jpg 780w, https:\/\/hotellarverde.pt\/wp-content\/uploads\/2025\/08\/praia-fluvial-troviscal-600x400.jpg 600w, https:\/\/hotellarverde.pt\/wp-content\/uploads\/2025\/08\/praia-fluvial-troviscal-550x367.jpg 550w, https:\/\/hotellarverde.pt\/wp-content\/uploads\/2025\/08\/praia-fluvial-troviscal-370x247.jpg 370w, https:\/\/hotellarverde.pt\/wp-content\/uploads\/2025\/08\/praia-fluvial-troviscal-255x170.jpg 255w, https:\/\/hotellarverde.pt\/wp-content\/uploads\/2025\/08\/praia-fluvial-troviscal-150x100.jpg 150w\" sizes=\"(max-width: 1200px) 100vw, 1200px\" \/>\t\t\t\t\t        <\/div>\n\t\t\t\t\t        <div class=\"cs-offset-border\"><\/div>\n\t\t\t\t\t\t<\/div>                <div class=\"cs-cta-overlay\"><\/div>\n                <div class=\"cs-cta-content\">\t\t\t\t\t<div class=\"cs-subtitle-wrap\"><span class=\"cs-subtitle\">River Beaches<\/span><\/div>\t\t            <h5 class=\"cs-cta-title cs-title\">\n\t\t                TROVISCAL RIVER BEACH\t\t            <\/h5>\t\t            <div class=\"cs-cta-text\">\n\t\t                <p align=\"justify\" data-start=\"153\" data-end=\"416\">Hidden among nature, next to the Troviscal bridge, this river beach is the ideal retreat for those seeking tranquility and pure connection with the natural environment. Far from the hustle and bustle of the city, the natural surroundings of the Sert\u00e3 river invite moments of complete disconnection.<\/p><p align=\"justify\" data-start=\"418\" data-end=\"720\">The space features a bar, a picnic area with barbecue grills, and accessible restrooms. For younger children, there's a shallow water area and a playground, ensuring safety and fun.\u00a0<\/p><p><strong>GPS coordinates:<\/strong> N 39\u00ba \u00a051\u201936.23\u2033 \u00a0W 8\u00ba \u00a000\u201928.64\u2033<\/p>\t\t            <\/div>\t\t\t<\/div>            <\/div>\n        <\/div>\t\t\t\t<\/div>\n\t\t\t\t<\/div>\n\t\t\t\t\t<\/div>\n\t\t<\/div>\n\t\t\t\t<div class=\"elementor-column elementor-col-50 elementor-top-column elementor-element elementor-element-b8ad58d\" data-id=\"b8ad58d\" data-element_type=\"column\">\n\t\t\t<div class=\"elementor-widget-wrap elementor-element-populated\">\n\t\t\t\t\t\t<div class=\"elementor-element elementor-element-5f68f6e cs-animation-small-offset elementor-invisible elementor-widget elementor-widget-cs_call_to_action\" data-id=\"5f68f6e\" data-element_type=\"widget\" data-settings=\"{&quot;_animation&quot;:&quot;fadeInUp&quot;,&quot;_animation_delay&quot;:200}\" data-widget_type=\"cs_call_to_action.default\">\n\t\t\t\t<div class=\"elementor-widget-container\">\n\t\t\t\t\t\n\t\t<div class=\"cs-cta cta-layout-text-normal text-left cta-hover-img-zoom\">\n            <div class=\"cs-cta-wrap\">\t\t                <div class=\"cs-cta-img-wrap\">\n\t\t\t\t\t        <div class=\"cs-cta-img\">\n\t\t\t\t\t            <img loading=\"lazy\" decoding=\"async\" width=\"1200\" height=\"800\" src=\"https:\/\/hotellarverde.pt\/wp-content\/uploads\/2025\/08\/praia-fluvial-do-penedo-furado.png\" class=\"attachment-cozystay_1200x9999 size-cozystay_1200x9999 wp-image-6078\" alt=\"\" srcset=\"https:\/\/hotellarverde.pt\/wp-content\/uploads\/2025\/08\/praia-fluvial-do-penedo-furado.png 1200w, https:\/\/hotellarverde.pt\/wp-content\/uploads\/2025\/08\/praia-fluvial-do-penedo-furado-300x200.png 300w, https:\/\/hotellarverde.pt\/wp-content\/uploads\/2025\/08\/praia-fluvial-do-penedo-furado-1024x683.png 1024w, https:\/\/hotellarverde.pt\/wp-content\/uploads\/2025\/08\/praia-fluvial-do-penedo-furado-768x512.png 768w, https:\/\/hotellarverde.pt\/wp-content\/uploads\/2025\/08\/praia-fluvial-do-penedo-furado-18x12.png 18w, https:\/\/hotellarverde.pt\/wp-content\/uploads\/2025\/08\/praia-fluvial-do-penedo-furado-780x520.png 780w, https:\/\/hotellarverde.pt\/wp-content\/uploads\/2025\/08\/praia-fluvial-do-penedo-furado-600x400.png 600w, https:\/\/hotellarverde.pt\/wp-content\/uploads\/2025\/08\/praia-fluvial-do-penedo-furado-550x367.png 550w, https:\/\/hotellarverde.pt\/wp-content\/uploads\/2025\/08\/praia-fluvial-do-penedo-furado-370x247.png 370w, https:\/\/hotellarverde.pt\/wp-content\/uploads\/2025\/08\/praia-fluvial-do-penedo-furado-255x170.png 255w, https:\/\/hotellarverde.pt\/wp-content\/uploads\/2025\/08\/praia-fluvial-do-penedo-furado-150x100.png 150w\" sizes=\"(max-width: 1200px) 100vw, 1200px\" \/>\t\t\t\t\t        <\/div>\n\t\t\t\t\t        <div class=\"cs-offset-border\"><\/div>\n\t\t\t\t\t\t<\/div>                <div class=\"cs-cta-overlay\"><\/div>\n                <div class=\"cs-cta-content\">\t\t\t\t\t<div class=\"cs-subtitle-wrap\"><span class=\"cs-subtitle\">River Beaches<\/span><\/div>\t\t            <h5 class=\"cs-cta-title cs-title\">\n\t\t                PENEDO FURADO RIVER BEACH\t\t            <\/h5>\t\t            <div class=\"cs-cta-text\">\n\t\t                <p align=\"justify\" data-start=\"124\" data-end=\"526\">Located in Vila de Rei, this beach is a true natural retreat, surrounded by waterfalls, trails, and impressive rock formations. The clear, shallow waters make it perfect for families, while the nature trails allow you to explore viewpoints such as Penedo Furado or Fragas do Rabad\u00e3o.<\/p>\n<p align=\"justify\" data-start=\"528\" data-end=\"888\">With a picnic area, a bar, a children's area, and lifeguards, the beach offers everything you need for a relaxing day, but also offers plenty of room for adventure with activities like canoeing, rappelling, and rock climbing.<\/p>\n<strong>GPS coordinates:<\/strong> <b>GD<\/b>: 39.6267 -8.16396 <b>DMS<\/b>: 39\u00b037\u203236.12\u2033N 8\u00b09\u203250.26\u2033W\n<b>UTM<\/b>: 29S 571751 4386659\t\t            <\/div>\t\t\t<\/div>            <\/div>\n        <\/div>\t\t\t\t<\/div>\n\t\t\t\t<\/div>\n\t\t\t\t\t<\/div>\n\t\t<\/div>\n\t\t\t\t\t<\/div>\n\t\t<\/section>\n\t\t\t\t<\/div>","protected":false},"excerpt":{"rendered":"<p>explorar PRAIAS FLUVIAIS Praias Fluviais PRAIA FLUVIAL DA RIBEIRA GRANDE No cora\u00e7\u00e3o da vila da Sert\u00e3, a Praia Fluvial da Ribeira Grande \u00e9 um ref\u00fagio refrescante de f\u00e1cil acesso. Perfeita para quem quer evitar desloca\u00e7\u00f5es de carro. A emblem\u00e1tica ponte sobre a ribeira liga a zona hist\u00f3rica \u00e0 \u00e1rea mais moderna da vila, convidando a &#8230;<\/p>","protected":false},"author":1,"featured_media":0,"parent":0,"menu_order":0,"comment_status":"closed","ping_status":"closed","template":"template-fullwidth.php","meta":{"cozystay_single_page_hide_site_header":"","cozystay_single_page_site_header_source":"","cozystay_single_page_custom_site_header":"0","cozystay_single_page_custom_sticky_site_header":"0","cozystay_single_page_hide_page_title":"on","cozystay_single_page_header_section_size":"","cozystay_single_page_header_background_color":"","cozystay_single_page_header_background_position_x":"center","cozystay_single_page_header_background_position_y":"center","cozystay_single_page_header_background_size":"cover","cozystay_single_page_header_background_repeat":"off","cozystay_single_page_header_background_scroll":"on","cozystay_single_page_header_text_color":"","cozystay_single_page_header_show_breadcrumb":"","cozystay_single_page_site_footer_hide_main":"","cozystay_single_custom_site_footer_main_source":"","cozystay_single_custom_site_footer_main":"0","cozystay_single_page_site_footer_hide_above":"","cozystay_single_custom_site_footer_above_source":"","cozystay_single_custom_site_footer_above":"0","cozystay_single_page_site_footer_hide_instagram":"","cozystay_single_page_site_footer_hide_bottom":"","cozystay_single_custom_mobile_menu_source":"","cozystay_single_custom_mobile_menu":"0","cozystay_single_custom_mobile_menu_animation":"","cozystay_single_custom_mobile_menu_width":"","cozystay_single_custom_mobile_menu_custom_width":375,"footnotes":""},"class_list":["post-1810","page","type-page","status-publish","hentry"],"yoast_head":"<!-- This site is optimized with the Yoast SEO plugin v25.8 - https:\/\/yoast.com\/wordpress\/plugins\/seo\/ -->\n<title>Praias Fluviais - LarVerde Hotel<\/title>\n<meta name=\"robots\" content=\"index, follow, max-snippet:-1, max-image-preview:large, max-video-preview:-1\" \/>\n<link rel=\"canonical\" href=\"https:\/\/hotellarverde.pt\/en\/praias-fluviais\/\" \/>\n<meta property=\"og:locale\" content=\"en_US\" \/>\n<meta property=\"og:type\" content=\"article\" \/>\n<meta property=\"og:title\" content=\"Praias Fluviais - LarVerde Hotel\" \/>\n<meta property=\"og:description\" content=\"explorar PRAIAS FLUVIAIS Praias Fluviais PRAIA FLUVIAL DA RIBEIRA GRANDE No cora\u00e7\u00e3o da vila da Sert\u00e3, a Praia Fluvial da Ribeira Grande \u00e9 um ref\u00fagio refrescante de f\u00e1cil acesso. Perfeita para quem quer evitar desloca\u00e7\u00f5es de carro. A emblem\u00e1tica ponte sobre a ribeira liga a zona hist\u00f3rica \u00e0 \u00e1rea mais moderna da vila, convidando a ...\" \/>\n<meta property=\"og:url\" content=\"https:\/\/hotellarverde.pt\/en\/praias-fluviais\/\" \/>\n<meta property=\"og:site_name\" content=\"LarVerde Hotel\" \/>\n<meta property=\"article:modified_time\" content=\"2025-09-02T16:46:19+00:00\" \/>\n<meta property=\"og:image\" content=\"https:\/\/hotellarverde.pt\/wp-content\/uploads\/2025\/07\/praia-fluvial-ribeira-grande.jpg\" \/>\n\t<meta property=\"og:image:width\" content=\"1200\" \/>\n\t<meta property=\"og:image:height\" content=\"800\" \/>\n\t<meta property=\"og:image:type\" content=\"image\/jpeg\" \/>\n<meta name=\"twitter:card\" content=\"summary_large_image\" \/>\n<meta name=\"twitter:label1\" content=\"Est. reading time\" \/>\n\t<meta name=\"twitter:data1\" content=\"5 minutes\" \/>\n<script type=\"application\/ld+json\" class=\"yoast-schema-graph\">{\"@context\":\"https:\/\/schema.org\",\"@graph\":[{\"@type\":\"WebPage\",\"@id\":\"https:\/\/hotellarverde.pt\/praias-fluviais\/\",\"url\":\"https:\/\/hotellarverde.pt\/praias-fluviais\/\",\"name\":\"Praias Fluviais - LarVerde Hotel\",\"isPartOf\":{\"@id\":\"https:\/\/hotellarverde.pt\/#website\"},\"primaryImageOfPage\":{\"@id\":\"https:\/\/hotellarverde.pt\/praias-fluviais\/#primaryimage\"},\"image\":{\"@id\":\"https:\/\/hotellarverde.pt\/praias-fluviais\/#primaryimage\"},\"thumbnailUrl\":\"https:\/\/hotellarverde.pt\/wp-content\/uploads\/2025\/07\/praia-fluvial-ribeira-grande.jpg\",\"datePublished\":\"2023-05-11T14:15:51+00:00\",\"dateModified\":\"2025-09-02T16:46:19+00:00\",\"breadcrumb\":{\"@id\":\"https:\/\/hotellarverde.pt\/praias-fluviais\/#breadcrumb\"},\"inLanguage\":\"en-US\",\"potentialAction\":[{\"@type\":\"ReadAction\",\"target\":[\"https:\/\/hotellarverde.pt\/praias-fluviais\/\"]}]},{\"@type\":\"ImageObject\",\"inLanguage\":\"en-US\",\"@id\":\"https:\/\/hotellarverde.pt\/praias-fluviais\/#primaryimage\",\"url\":\"https:\/\/hotellarverde.pt\/wp-content\/uploads\/2025\/07\/praia-fluvial-ribeira-grande.jpg\",\"contentUrl\":\"https:\/\/hotellarverde.pt\/wp-content\/uploads\/2025\/07\/praia-fluvial-ribeira-grande.jpg\"},{\"@type\":\"BreadcrumbList\",\"@id\":\"https:\/\/hotellarverde.pt\/praias-fluviais\/#breadcrumb\",\"itemListElement\":[{\"@type\":\"ListItem\",\"position\":1,\"name\":\"Home\",\"item\":\"https:\/\/hotellarverde.pt\/\"},{\"@type\":\"ListItem\",\"position\":2,\"name\":\"Praias Fluviais\"}]},{\"@type\":\"WebSite\",\"@id\":\"https:\/\/hotellarverde.pt\/#website\",\"url\":\"https:\/\/hotellarverde.pt\/\",\"name\":\"LarVerde Hotel\",\"description\":\"Vila da Sert\u00e3\",\"potentialAction\":[{\"@type\":\"SearchAction\",\"target\":{\"@type\":\"EntryPoint\",\"urlTemplate\":\"https:\/\/hotellarverde.pt\/?s={search_term_string}\"},\"query-input\":{\"@type\":\"PropertyValueSpecification\",\"valueRequired\":true,\"valueName\":\"search_term_string\"}}],\"inLanguage\":\"en-US\"}]}<\/script>\n<!-- \/ Yoast SEO plugin. -->","yoast_head_json":{"title":"Praias Fluviais - LarVerde Hotel","robots":{"index":"index","follow":"follow","max-snippet":"max-snippet:-1","max-image-preview":"max-image-preview:large","max-video-preview":"max-video-preview:-1"},"canonical":"https:\/\/hotellarverde.pt\/en\/praias-fluviais\/","og_locale":"en_US","og_type":"article","og_title":"Praias Fluviais - LarVerde Hotel","og_description":"explorar PRAIAS FLUVIAIS Praias Fluviais PRAIA FLUVIAL DA RIBEIRA GRANDE No cora\u00e7\u00e3o da vila da Sert\u00e3, a Praia Fluvial da Ribeira Grande \u00e9 um ref\u00fagio refrescante de f\u00e1cil acesso. Perfeita para quem quer evitar desloca\u00e7\u00f5es de carro. A emblem\u00e1tica ponte sobre a ribeira liga a zona hist\u00f3rica \u00e0 \u00e1rea mais moderna da vila, convidando a ...","og_url":"https:\/\/hotellarverde.pt\/en\/praias-fluviais\/","og_site_name":"LarVerde Hotel","article_modified_time":"2025-09-02T16:46:19+00:00","og_image":[{"width":1200,"height":800,"url":"https:\/\/hotellarverde.pt\/wp-content\/uploads\/2025\/07\/praia-fluvial-ribeira-grande.jpg","type":"image\/jpeg"}],"twitter_card":"summary_large_image","twitter_misc":{"Est. reading time":"5 minutes"},"schema":{"@context":"https:\/\/schema.org","@graph":[{"@type":"WebPage","@id":"https:\/\/hotellarverde.pt\/praias-fluviais\/","url":"https:\/\/hotellarverde.pt\/praias-fluviais\/","name":"Praias Fluviais - LarVerde Hotel","isPartOf":{"@id":"https:\/\/hotellarverde.pt\/#website"},"primaryImageOfPage":{"@id":"https:\/\/hotellarverde.pt\/praias-fluviais\/#primaryimage"},"image":{"@id":"https:\/\/hotellarverde.pt\/praias-fluviais\/#primaryimage"},"thumbnailUrl":"https:\/\/hotellarverde.pt\/wp-content\/uploads\/2025\/07\/praia-fluvial-ribeira-grande.jpg","datePublished":"2023-05-11T14:15:51+00:00","dateModified":"2025-09-02T16:46:19+00:00","breadcrumb":{"@id":"https:\/\/hotellarverde.pt\/praias-fluviais\/#breadcrumb"},"inLanguage":"en-US","potentialAction":[{"@type":"ReadAction","target":["https:\/\/hotellarverde.pt\/praias-fluviais\/"]}]},{"@type":"ImageObject","inLanguage":"en-US","@id":"https:\/\/hotellarverde.pt\/praias-fluviais\/#primaryimage","url":"https:\/\/hotellarverde.pt\/wp-content\/uploads\/2025\/07\/praia-fluvial-ribeira-grande.jpg","contentUrl":"https:\/\/hotellarverde.pt\/wp-content\/uploads\/2025\/07\/praia-fluvial-ribeira-grande.jpg"},{"@type":"BreadcrumbList","@id":"https:\/\/hotellarverde.pt\/praias-fluviais\/#breadcrumb","itemListElement":[{"@type":"ListItem","position":1,"name":"Home","item":"https:\/\/hotellarverde.pt\/"},{"@type":"ListItem","position":2,"name":"Praias Fluviais"}]},{"@type":"WebSite","@id":"https:\/\/hotellarverde.pt\/#website","url":"https:\/\/hotellarverde.pt\/","name":"LarVerde Hotel","description":"Sert\u00e3 Village","potentialAction":[{"@type":"SearchAction","target":{"@type":"EntryPoint","urlTemplate":"https:\/\/hotellarverde.pt\/?s={search_term_string}"},"query-input":{"@type":"PropertyValueSpecification","valueRequired":true,"valueName":"search_term_string"}}],"inLanguage":"en-US"}]}},"_links":{"self":[{"href":"https:\/\/hotellarverde.pt\/en\/wp-json\/wp\/v2\/pages\/1810","targetHints":{"allow":["GET"]}}],"collection":[{"href":"https:\/\/hotellarverde.pt\/en\/wp-json\/wp\/v2\/pages"}],"about":[{"href":"https:\/\/hotellarverde.pt\/en\/wp-json\/wp\/v2\/types\/page"}],"author":[{"embeddable":true,"href":"https:\/\/hotellarverde.pt\/en\/wp-json\/wp\/v2\/users\/1"}],"replies":[{"embeddable":true,"href":"https:\/\/hotellarverde.pt\/en\/wp-json\/wp\/v2\/comments?post=1810"}],"version-history":[{"count":50,"href":"https:\/\/hotellarverde.pt\/en\/wp-json\/wp\/v2\/pages\/1810\/revisions"}],"predecessor-version":[{"id":6469,"href":"https:\/\/hotellarverde.pt\/en\/wp-json\/wp\/v2\/pages\/1810\/revisions\/6469"}],"wp:attachment":[{"href":"https:\/\/hotellarverde.pt\/en\/wp-json\/wp\/v2\/media?parent=1810"}],"curies":[{"name":"wp","href":"https:\/\/api.w.org\/{rel}","templated":true}]}}